{"id":2,"date":"2023-03-11T20:06:08","date_gmt":"2023-03-11T20:06:08","guid":{"rendered":"https:\/\/xn--arcadimartn-xcb.live-website.com\/?page_id=2"},"modified":"2023-12-28T19:27:06","modified_gmt":"2023-12-28T18:27:06","slug":"info","status":"publish","type":"page","link":"https:\/\/arcadimartin.com\/ca\/info\/","title":{"rendered":"Info"},"content":{"rendered":"\n<p>This is an example page. It&#8217;s different from a blog post because it will stay in one place and will show up in your site navigation (in most themes). Most people start with an About page that introduces them to potential site visitors. It might say something like this:<\/p>\n\n\n\n<blockquote class=\"wp-block-quote is-layout-flow wp-block-quote-is-layout-flow\"><p>Hi there! I&#8217;m a bike messenger by day, aspiring actor by night, and this is my website. I live in Los Angeles, have a great dog named Jack, and I like pi&#241;a coladas. (And gettin&#8217; caught in the rain.)<\/p><\/blockquote>\n\n\n\n<p>&#8230;or something like this:<\/p>\n\n\n\n<blockquote class=\"wp-block-quote is-layout-flow wp-block-quote-is-layout-flow\"><p>The XYZ Doohickey Company was founded in 1971, and has been providing quality doohickeys to the public ever since. Located in Gotham City, XYZ employs over 2,000 people and does all kinds of awesome things for the Gotham community.<\/p><\/blockquote>\n\n\n\n<p>As a new WordPress user, you should go to <a href=\"https:\/\/arcadimartin.com\/wp-admin\/\">your dashboard<\/a> to delete this page and create new pages for your content. Have fun!<\/p>\n","protected":false},"excerpt":{"rendered":"<p>This is an example page. It&#8217;s different from a blog post because it will stay in one place and will show up in your site navigation (in most themes). Most people start with an About page that introduces them to potential site visitors. It might say something like this: Hi there! I&#8217;m a bike messenger [&hellip;]<\/p>\n","protected":false},"author":1,"featured_media":0,"parent":0,"menu_order":4,"comment_status":"closed","ping_status":"open","template":"","meta":[],"class_list":["post-2","page","type-page","status-publish","hentry"],"yoast_head":"<!-- This site is optimized with the Yoast SEO plugin v27.5 - https:\/\/yoast.com\/product\/yoast-seo-wordpress\/ -->\n<title>Info - Arcadi Mart\u00edn<\/title>\n<meta name=\"description\" content=\"Dise\u00f1o de espacios \/ Reformas integrales \/ Decoraci\u00f3n y mobiliario \/ Interiorismo corporativo \/ Dise\u00f1o de arte y set design \/ Product curation.\" \/>\n<meta name=\"robots\" content=\"noindex, follow, max-snippet:-1, max-image-preview:large, max-video-preview:-1\" \/>\n<meta property=\"og:locale\" content=\"ca_ES\" \/>\n<meta property=\"og:type\" content=\"article\" \/>\n<meta property=\"og:title\" content=\"Info - Arcadi Mart\u00edn\" \/>\n<meta property=\"og:description\" content=\"Dise\u00f1o de espacios \/ Reformas integrales \/ Decoraci\u00f3n y mobiliario \/ Interiorismo corporativo \/ Dise\u00f1o de arte y set design \/ Product curation.\" \/>\n<meta property=\"og:url\" content=\"http:\/\/arcadimartin.com\/ca\/info\/\" \/>\n<meta property=\"og:site_name\" content=\"Arcadi Mart\u00edn\" \/>\n<meta property=\"article:modified_time\" content=\"2023-12-28T18:27:06+00:00\" \/>\n<meta property=\"og:image\" content=\"https:\/\/arcadimartin.com\/wp-content\/uploads\/2023\/03\/ARCADI-MARTIN_META-03-03.png\" \/>\n\t<meta property=\"og:image:width\" content=\"2501\" \/>\n\t<meta property=\"og:image:height\" content=\"1408\" \/>\n\t<meta property=\"og:image:type\" content=\"image\/png\" \/>\n<meta name=\"twitter:card\" content=\"summary_large_image\" \/>\n<meta name=\"twitter:site\" content=\"@arcadimartin\" \/>\n<meta name=\"twitter:label1\" content=\"Temps estimat de lectura\" \/>\n\t<meta name=\"twitter:data1\" content=\"2 minuts\" \/>\n<script type=\"application\/ld+json\" class=\"yoast-schema-graph\">{\"@context\":\"https:\\\/\\\/schema.org\",\"@graph\":[{\"@type\":\"WebPage\",\"@id\":\"http:\\\/\\\/arcadimartin.com\\\/ca\\\/info\\\/\",\"url\":\"http:\\\/\\\/arcadimartin.com\\\/ca\\\/info\\\/\",\"name\":\"Info - Arcadi Mart\u00edn\",\"isPartOf\":{\"@id\":\"https:\\\/\\\/arcadimartin.com\\\/ca\\\/#website\"},\"datePublished\":\"2023-03-11T20:06:08+00:00\",\"dateModified\":\"2023-12-28T18:27:06+00:00\",\"description\":\"Dise\u00f1o de espacios \\\/ Reformas integrales \\\/ Decoraci\u00f3n y mobiliario \\\/ Interiorismo corporativo \\\/ Dise\u00f1o de arte y set design \\\/ Product curation.\",\"breadcrumb\":{\"@id\":\"http:\\\/\\\/arcadimartin.com\\\/ca\\\/info\\\/#breadcrumb\"},\"inLanguage\":\"ca\",\"potentialAction\":[{\"@type\":\"ReadAction\",\"target\":[[\"http:\\\/\\\/arcadimartin.com\\\/ca\\\/info\\\/\"]]}]},{\"@type\":\"BreadcrumbList\",\"@id\":\"http:\\\/\\\/arcadimartin.com\\\/ca\\\/info\\\/#breadcrumb\",\"itemListElement\":[{\"@type\":\"ListItem\",\"position\":1,\"name\":\"Portada\",\"item\":\"https:\\\/\\\/arcadimartin.com\\\/ca\\\/\"},{\"@type\":\"ListItem\",\"position\":2,\"name\":\"Info\"}]},{\"@type\":\"WebSite\",\"@id\":\"https:\\\/\\\/arcadimartin.com\\\/ca\\\/#website\",\"url\":\"https:\\\/\\\/arcadimartin.com\\\/ca\\\/\",\"name\":\"Arcadi Mart\u00edn\",\"description\":\"Dise\u00f1ador de espacios\",\"publisher\":{\"@id\":\"https:\\\/\\\/arcadimartin.com\\\/ca\\\/#\\\/schema\\\/person\\\/b7e006bfd70b34f1fa99d55f3ba18e63\"},\"potentialAction\":[{\"@type\":\"SearchAction\",\"target\":{\"@type\":\"EntryPoint\",\"urlTemplate\":\"https:\\\/\\\/arcadimartin.com\\\/ca\\\/?s={search_term_string}\"},\"query-input\":{\"@type\":\"PropertyValueSpecification\",\"valueRequired\":true,\"valueName\":\"search_term_string\"}}],\"inLanguage\":\"ca\"},{\"@type\":[\"Person\",\"Organization\"],\"@id\":\"https:\\\/\\\/arcadimartin.com\\\/ca\\\/#\\\/schema\\\/person\\\/b7e006bfd70b34f1fa99d55f3ba18e63\",\"name\":\"arcadimartin\",\"image\":{\"@type\":\"ImageObject\",\"inLanguage\":\"ca\",\"@id\":\"https:\\\/\\\/arcadimartin.com\\\/wp-content\\\/uploads\\\/2023\\\/03\\\/cropped-ARCADI-MARTIN_FAV.png\",\"url\":\"https:\\\/\\\/arcadimartin.com\\\/wp-content\\\/uploads\\\/2023\\\/03\\\/cropped-ARCADI-MARTIN_FAV.png\",\"contentUrl\":\"https:\\\/\\\/arcadimartin.com\\\/wp-content\\\/uploads\\\/2023\\\/03\\\/cropped-ARCADI-MARTIN_FAV.png\",\"width\":512,\"height\":512,\"caption\":\"arcadimartin\"},\"logo\":{\"@id\":\"https:\\\/\\\/arcadimartin.com\\\/wp-content\\\/uploads\\\/2023\\\/03\\\/cropped-ARCADI-MARTIN_FAV.png\"},\"description\":\"Dise\u00f1o de espacios \\\/ Reformas integrales \\\/ Decoraci\u00f3n y mobiliario \\\/ Interiorismo corporativo \\\/ Dise\u00f1o de arte y set design \\\/ Product curation\",\"sameAs\":[\"https:\\\/\\\/arcadimartin.com\",\"https:\\\/\\\/www.instagram.com\\\/arcadi.martin\\\/\",\"https:\\\/\\\/www.linkedin.com\\\/in\\\/arcadimartin\\\/\",\"https:\\\/\\\/x.com\\\/https:\\\/\\\/twitter.com\\\/arcadimartin\"]}]}<\/script>\n<!-- \/ Yoast SEO plugin. -->","yoast_head_json":{"title":"Info - Arcadi Mart\u00edn","description":"Dise\u00f1o de espacios \/ Reformas integrales \/ Decoraci\u00f3n y mobiliario \/ Interiorismo corporativo \/ Dise\u00f1o de arte y set design \/ Product curation.","robots":{"index":"noindex","follow":"follow","max-snippet":"max-snippet:-1","max-image-preview":"max-image-preview:large","max-video-preview":"max-video-preview:-1"},"og_locale":"ca_ES","og_type":"article","og_title":"Info - Arcadi Mart\u00edn","og_description":"Dise\u00f1o de espacios \/ Reformas integrales \/ Decoraci\u00f3n y mobiliario \/ Interiorismo corporativo \/ Dise\u00f1o de arte y set design \/ Product curation.","og_url":"http:\/\/arcadimartin.com\/ca\/info\/","og_site_name":"Arcadi Mart\u00edn","article_modified_time":"2023-12-28T18:27:06+00:00","og_image":[{"width":2501,"height":1408,"url":"https:\/\/arcadimartin.com\/wp-content\/uploads\/2023\/03\/ARCADI-MARTIN_META-03-03.png","type":"image\/png"}],"twitter_card":"summary_large_image","twitter_site":"@arcadimartin","twitter_misc":{"Temps estimat de lectura":"2 minuts"},"schema":{"@context":"https:\/\/schema.org","@graph":[{"@type":"WebPage","@id":"http:\/\/arcadimartin.com\/ca\/info\/","url":"http:\/\/arcadimartin.com\/ca\/info\/","name":"Info - Arcadi Mart\u00edn","isPartOf":{"@id":"https:\/\/arcadimartin.com\/ca\/#website"},"datePublished":"2023-03-11T20:06:08+00:00","dateModified":"2023-12-28T18:27:06+00:00","description":"Dise\u00f1o de espacios \/ Reformas integrales \/ Decoraci\u00f3n y mobiliario \/ Interiorismo corporativo \/ Dise\u00f1o de arte y set design \/ Product curation.","breadcrumb":{"@id":"http:\/\/arcadimartin.com\/ca\/info\/#breadcrumb"},"inLanguage":"ca","potentialAction":[{"@type":"ReadAction","target":[["http:\/\/arcadimartin.com\/ca\/info\/"]]}]},{"@type":"BreadcrumbList","@id":"http:\/\/arcadimartin.com\/ca\/info\/#breadcrumb","itemListElement":[{"@type":"ListItem","position":1,"name":"Portada","item":"https:\/\/arcadimartin.com\/ca\/"},{"@type":"ListItem","position":2,"name":"Info"}]},{"@type":"WebSite","@id":"https:\/\/arcadimartin.com\/ca\/#website","url":"https:\/\/arcadimartin.com\/ca\/","name":"Arcadi Mart\u00edn","description":"Dise\u00f1ador de espacios","publisher":{"@id":"https:\/\/arcadimartin.com\/ca\/#\/schema\/person\/b7e006bfd70b34f1fa99d55f3ba18e63"},"potentialAction":[{"@type":"SearchAction","target":{"@type":"EntryPoint","urlTemplate":"https:\/\/arcadimartin.com\/ca\/?s={search_term_string}"},"query-input":{"@type":"PropertyValueSpecification","valueRequired":true,"valueName":"search_term_string"}}],"inLanguage":"ca"},{"@type":["Person","Organization"],"@id":"https:\/\/arcadimartin.com\/ca\/#\/schema\/person\/b7e006bfd70b34f1fa99d55f3ba18e63","name":"arcadimartin","image":{"@type":"ImageObject","inLanguage":"ca","@id":"https:\/\/arcadimartin.com\/wp-content\/uploads\/2023\/03\/cropped-ARCADI-MARTIN_FAV.png","url":"https:\/\/arcadimartin.com\/wp-content\/uploads\/2023\/03\/cropped-ARCADI-MARTIN_FAV.png","contentUrl":"https:\/\/arcadimartin.com\/wp-content\/uploads\/2023\/03\/cropped-ARCADI-MARTIN_FAV.png","width":512,"height":512,"caption":"arcadimartin"},"logo":{"@id":"https:\/\/arcadimartin.com\/wp-content\/uploads\/2023\/03\/cropped-ARCADI-MARTIN_FAV.png"},"description":"Dise\u00f1o de espacios \/ Reformas integrales \/ Decoraci\u00f3n y mobiliario \/ Interiorismo corporativo \/ Dise\u00f1o de arte y set design \/ Product curation","sameAs":["https:\/\/arcadimartin.com","https:\/\/www.instagram.com\/arcadi.martin\/","https:\/\/www.linkedin.com\/in\/arcadimartin\/","https:\/\/x.com\/https:\/\/twitter.com\/arcadimartin"]}]}},"grid":"{\r\n  \"colCount\": 12,\r\n  \"colGutter\": 20,\r\n  \"rowGutters\": [\r\n    20\r\n  ],\r\n  \"frameMargin\": 5,\r\n  \"leftFrameMargin\": 20,\r\n  \"rightFrameMargin\": 20,\r\n  \"topFrameMargin\": 80,\r\n  \"bottomFrameMargin\": 20,\r\n  \"rowAttrs\": [\r\n    {\r\n      \"relid\": 4\r\n    },\r\n    {\r\n      \"relid\": 5\r\n    }\r\n  ],\r\n  \"bgColor\": null,\r\n  \"bgImage\": null,\r\n  \"cont\": [\r\n    {\r\n      \"type\": \"text\",\r\n      \"cont\": \"<p style=\\\"line-height: 1.4;\\\"><span>Disseny d'interiors i espais, direcci\u00f3 d'art, set <\/span><span>design<\/span><span>, decoraci\u00f3 i <\/span><span>product<\/span> <span>curation<\/span><span>.<\/span><br \/><br \/><span>Cofundador de l'estudi d'interiorisme i arquitectura Nada (<a rel=\\\"noopener\\\" href=\\\"https:\/\/estudionada.com\/\\\" target=\\\"_blank\\\">estudionada.com<\/a>) i de la marca d'articles per a la llar Ajuar (<a rel=\\\"noopener\\\" href=\\\"https:\/\/ajuar.store\/\\\" target=\\\"_blank\\\">ajuar.<\/a><\/span><span><a rel=\\\"noopener\\\" href=\\\"https:\/\/ajuar.store\/\\\" target=\\\"_blank\\\">store<\/a>)<\/span><span>.\u00a0<\/span><br \/><br \/><span>La meva traject\u00f2ria professional est\u00e0 constru\u00efda sobre el m\u00e0rqueting, el desenvolupament de negoci, el desenvolupament de producte, la comunicaci\u00f3 i les relacions p\u00fabliques. Tamb\u00e9 tinc una experi\u00e8ncia s\u00f2lida en aparadorisme i visual merchandising, disseny i interiorisme. Aix\u00f2 em permet observar amb m\u00faltiples \u00f2ptiques, diagnosticar i oferir solucions estrat\u00e8giques i globals.<\/span><br \/><br \/><span>Llicenciat en Publicitat i Relacions P\u00fabliques.<\/span><br \/><span>Postgrau en Organitzaci\u00f3 d'Esdeveniments.<\/span><br \/><span>M\u00e0ster en Disseny de l'Espai Interior.<\/span><\/p>\",\r\n      \"align\": \"top\",\r\n      \"row\": 0,\r\n      \"col\": 0,\r\n      \"colspan\": 7,\r\n      \"offsetx\": 0,\r\n      \"offsety\": 0,\r\n      \"spaceabove\": 0,\r\n      \"spacebelow\": 0,\r\n      \"yvel\": 1,\r\n      \"push\": 0,\r\n      \"relid\": 387,\r\n      \"absolute_position\": false,\r\n      \"frameOverflow\": \"\",\r\n      \"dosync\": false\r\n    },\r\n    {\r\n      \"type\": \"img\",\r\n      \"cont\": \"\/wp-content\/uploads\/2023\/03\/ARCADI-MARTIN_BW.jpg\",\r\n      \"align\": \"top\",\r\n      \"row\": 1,\r\n      \"col\": 0,\r\n      \"colspan\": 2,\r\n      \"offsetx\": 0,\r\n      \"offsety\": 0,\r\n      \"spaceabove\": 0,\r\n      \"spacebelow\": 0,\r\n      \"yvel\": 1,\r\n      \"push\": 0,\r\n      \"relid\": 559,\r\n      \"attid\": 266,\r\n      \"sizes\": {\r\n        \"full\": \"\/wp-content\/uploads\/2023\/03\/ARCADI-MARTIN_BW.jpg\",\r\n        \"_512\": \"\/wp-content\/uploads\/2023\/03\/ARCADI-MARTIN_BW-512x682.jpg\",\r\n        \"_265\": \"\/wp-content\/uploads\/2023\/03\/ARCADI-MARTIN_BW-265x353.jpg\"\r\n      },\r\n      \"w\": 713,\r\n      \"h\": 950,\r\n      \"ar\": 1.332398316970547,\r\n      \"alt\": \"\",\r\n      \"absolute_position\": false,\r\n      \"dosync\": false,\r\n      \"frameOverflow\": \"\"\r\n    }\r\n  ]\r\n}","phonegrid":"{\r\n  \"colCount\": 12,\r\n  \"colGutter\": 20,\r\n  \"rowGutters\": [\r\n    20\r\n  ],\r\n  \"frameMargin\": 5,\r\n  \"leftFrameMargin\": 20,\r\n  \"rightFrameMargin\": 20,\r\n  \"topFrameMargin\": 0,\r\n  \"bottomFrameMargin\": 20,\r\n  \"rowAttrs\": [\r\n    {\r\n      \"relid\": 4\r\n    },\r\n    {\r\n      \"relid\": 5\r\n    }\r\n  ],\r\n  \"bgColor\": null,\r\n  \"bgImage\": null,\r\n  \"cont\": [\r\n    {\r\n      \"type\": \"text\",\r\n      \"cont\": \"<p style=\\\"line-height: 1.4;\\\"><span>Disseny d'interiors i espais, direcci\u00f3 d'art, set <\/span><span>design<\/span><span>, decoraci\u00f3 i <\/span><span>product<\/span> <span>curation<\/span><span>.<\/span><br \/><br \/><span>Cofundador de l'estudi d'interiorisme i arquitectura Nada (<a rel=\\\"noopener\\\" href=\\\"https:\/\/estudionada.com\/\\\" target=\\\"_blank\\\">estudionada.com<\/a>) i de la marca d'articles per a la llar Ajuar (<a rel=\\\"noopener\\\" href=\\\"https:\/\/ajuar.store\/\\\" target=\\\"_blank\\\">ajuar.<\/a><\/span><span><a rel=\\\"noopener\\\" href=\\\"https:\/\/ajuar.store\/\\\" target=\\\"_blank\\\">store<\/a>)<\/span><span>.\u00a0<\/span><br \/><br \/><span>La meva traject\u00f2ria professional est\u00e0 constru\u00efda sobre el m\u00e0rqueting, el desenvolupament de negoci, el desenvolupament de producte, la comunicaci\u00f3 i les relacions p\u00fabliques. Tamb\u00e9 tinc una experi\u00e8ncia s\u00f2lida en aparadorisme i visual merchandising, disseny i interiorisme. Aix\u00f2 em permet observar amb m\u00faltiples \u00f2ptiques, diagnosticar i oferir solucions estrat\u00e8giques i globals.<\/span><br \/><br \/><span>Llicenciat en Publicitat i Relacions P\u00fabliques.<\/span><br \/><span>Postgrau en Organitzaci\u00f3 d'Esdeveniments.<\/span><br \/><span>M\u00e0ster en Disseny de l'Espai Interior.<\/span><\/p>\",\r\n      \"align\": \"top\",\r\n      \"row\": 0,\r\n      \"col\": 0,\r\n      \"colspan\": 12,\r\n      \"offsetx\": 0,\r\n      \"offsety\": 0,\r\n      \"spaceabove\": 0,\r\n      \"spacebelow\": 0,\r\n      \"yvel\": 1,\r\n      \"push\": 0,\r\n      \"relid\": 387,\r\n      \"absolute_position\": false,\r\n      \"dosync\": false\r\n    },\r\n    {\r\n      \"type\": \"img\",\r\n      \"cont\": \"\/wp-content\/uploads\/2023\/03\/ARCADI-MARTIN_BW.jpg\",\r\n      \"align\": \"top\",\r\n      \"row\": 1,\r\n      \"col\": 0,\r\n      \"colspan\": 5,\r\n      \"offsetx\": 0,\r\n      \"offsety\": 0,\r\n      \"spaceabove\": 0,\r\n      \"spacebelow\": 0,\r\n      \"yvel\": 1,\r\n      \"push\": 0,\r\n      \"relid\": 559,\r\n      \"attid\": 266,\r\n      \"sizes\": {\r\n        \"full\": \"\/wp-content\/uploads\/2023\/03\/ARCADI-MARTIN_BW.jpg\",\r\n        \"_512\": \"\/wp-content\/uploads\/2023\/03\/ARCADI-MARTIN_BW-512x682.jpg\",\r\n        \"_265\": \"\/wp-content\/uploads\/2023\/03\/ARCADI-MARTIN_BW-265x353.jpg\"\r\n      },\r\n      \"w\": 713,\r\n      \"h\": 950,\r\n      \"ar\": 1.332398316970547,\r\n      \"alt\": \"\",\r\n      \"absolute_position\": false,\r\n      \"dosync\": false,\r\n      \"frameOverflow\": \"\"\r\n    }\r\n  ]\r\n}","_links":{"self":[{"href":"https:\/\/arcadimartin.com\/ca\/wp-json\/wp\/v2\/pages\/2","targetHints":{"allow":["GET"]}}],"collection":[{"href":"https:\/\/arcadimartin.com\/ca\/wp-json\/wp\/v2\/pages"}],"about":[{"href":"https:\/\/arcadimartin.com\/ca\/wp-json\/wp\/v2\/types\/page"}],"author":[{"embeddable":true,"href":"https:\/\/arcadimartin.com\/ca\/wp-json\/wp\/v2\/users\/1"}],"replies":[{"embeddable":true,"href":"https:\/\/arcadimartin.com\/ca\/wp-json\/wp\/v2\/comments?post=2"}],"version-history":[{"count":0,"href":"https:\/\/arcadimartin.com\/ca\/wp-json\/wp\/v2\/pages\/2\/revisions"}],"wp:attachment":[{"href":"https:\/\/arcadimartin.com\/ca\/wp-json\/wp\/v2\/media?parent=2"}],"curies":[{"name":"wp","href":"https:\/\/api.w.org\/{rel}","templated":true}]}}